{"id":1107,"date":"2024-08-05T11:46:10","date_gmt":"2024-08-05T09:46:10","guid":{"rendered":"https:\/\/www.radiozeit.de\/datenschutzerklaerung-2\/"},"modified":"2025-09-04T10:20:12","modified_gmt":"2025-09-04T08:20:12","slug":"datenschutzerklaerung-2","status":"publish","type":"page","link":"https:\/\/www.radiozeit.de\/de\/datenschutzerklaerung-2\/","title":{"rendered":"Datenschutzerkl\u00e4rung"},"content":{"rendered":"\n<p>Wirksam: Juli 30, 2024<\/p>\n\n<p><strong>Controller<\/strong>: <strong>Radiozeit GmbH<\/strong> <\/p>\n\n<p>Voltastra\u00dfe 1<\/p>\n\n<p>14482 Potsdam-Babelsberg<\/p>\n\n<p>Bevollm\u00e4chtigter Vertreter: Kristian M\u00fcller<\/p>\n\n<p>E-Mail: kristian.mueller@radiozeit.de<\/p>\n\n<p>Impressum: <a href=\"https:\/\/www.mixd.tv\/imprint.html\" target=\"_blank\" rel=\"noopener\">https:\/\/www.mixd.tv\/imprint.html<\/a><\/p>\n\n<h2 class=\"wp-block-heading\"><strong>\u00dcberblick \u00fcber die Verarbeitung<\/strong><\/h2>\n\n<p>Die folgende \u00dcbersicht fasst die Arten der verarbeiteten Daten und die Zwecke ihrer Verarbeitung zusammen und verweist auf die betroffenen Personen.<\/p>\n\n<p><strong>Arten von verarbeiteten Daten<\/strong><\/p>\n\n<ul class=\"wp-block-list\">\n<li>Inventardaten<\/li>\n\n\n\n<li>Kontaktangaben<\/li>\n\n\n\n<li>Inhaltliche Daten<\/li>\n\n\n\n<li>Meta-, Kommunikations- und Verfahrensdaten<\/li>\n<\/ul>\n\n<p><strong>Kategorien betroffener Personen<\/strong><\/p>\n\n<ul class=\"wp-block-list\">\n<li>Kommunikationspartner<\/li>\n\n\n\n<li>Benutzer<\/li>\n<\/ul>\n\n<p><strong>Zwecke der Verarbeitung<\/strong><\/p>\n\n<ul class=\"wp-block-list\">\n<li>Kommunikation<\/li>\n\n\n\n<li>Organisatorische und administrative Verfahren<\/li>\n\n\n\n<li>R\u00fcckmeldung<\/li>\n\n\n\n<li>Bereitstellung unseres Online-Angebots und Benutzerfreundlichkeit<\/li>\n<\/ul>\n\n<p><strong>Rechtsgrundlagen<\/strong><\/p>\n\n<p>Relevante Rechtsgrundlagen gem\u00e4\u00df der GDPR: Im Folgenden finden Sie einen \u00dcberblick \u00fcber die Rechtsgrundlagen der GDPR, auf denen wir personenbezogene Daten verarbeiten.\nBitte beachten Sie, dass zus\u00e4tzlich zu den GDPR-Bestimmungen die nationalen Datenschutzbestimmungen in Ihrem oder unserem Wohnsitzland gelten k\u00f6nnen.\nWenn im Einzelfall spezifische Rechtsgrundlagen relevant sind, werden wir Sie in dieser Datenschutzerkl\u00e4rung dar\u00fcber informieren.  <\/p>\n\n<ul class=\"wp-block-list\">\n<li><strong>Berechtigte Interessen (Art. 6 Abs. 1 Satz 1 lit. f DSGVO)<\/strong> &#8211; Die Verarbeitung ist zur Wahrung der berechtigten Interessen des f\u00fcr die Verarbeitung Verantwortlichen oder eines Dritten erforderlich, sofern die Interessen oder Grundrechte und Grundfreiheiten der betroffenen Person, die den Schutz personenbezogener Daten erfordern, nicht \u00fcberwiegen.<\/li>\n<\/ul>\n\n<p><strong>Nationale Datenschutzbestimmungen in Deutschland:<\/strong> Neben der DSGVO gelten in Deutschland auch nationale Datenschutzbestimmungen.\nDazu geh\u00f6rt insbesondere das Bundesdatenschutzgesetz (BDSG), das besondere Bestimmungen \u00fcber das Auskunftsrecht, das Recht auf L\u00f6schung, das Widerspruchsrecht, die Verarbeitung besonderer Kategorien personenbezogener Daten, die Verarbeitung zu anderen Zwecken sowie die \u00dcbermittlung und automatisierte Entscheidungsfindung im Einzelfall, einschlie\u00dflich Profiling, enth\u00e4lt.\nDar\u00fcber hinaus k\u00f6nnen die Datenschutzgesetze der einzelnen Bundesl\u00e4nder Anwendung finden.  <\/p>\n\n<p><strong>Hinweis zur Anwendbarkeit von GDPR und Swiss DPA:<\/strong> Dieser Datenschutzhinweis dient der Information sowohl nach dem Schweizerischen Datenschutzgesetz (DSG) als auch nach der General Data Protection Regulation (GDPR).\nBitte beachten Sie daher, dass aufgrund der breiteren r\u00e4umlichen Anwendbarkeit und Verst\u00e4ndlichkeit die Begriffe der GDPR verwendet werden.\nInsbesondere werden anstelle der im Schweizer DSG verwendeten Begriffe &#8222;Verarbeitung&#8220; von &#8222;personenbezogenen Daten&#8220;, &#8222;\u00fcberwiegendes Interesse&#8220; und &#8222;sensible personenbezogene Daten&#8220; die in der DSGVO verwendeten Begriffe &#8222;Verarbeitung&#8220; von &#8222;personenbezogenen Daten&#8220;, &#8222;berechtigtes Interesse&#8220; und &#8222;besondere Kategorien von Daten&#8220; verwendet.\nDie rechtliche Bedeutung der Begriffe wird jedoch weiterhin von der Schweizer DSGVO innerhalb ihres Anwendungsbereichs definiert.   <\/p>\n\n<p><strong>Sicherheitsma\u00dfnahmen<\/strong><\/p>\n\n<p>Wir treffen geeignete technische und organisatorische Ma\u00dfnahmen, um ein dem Risiko angemessenes Sicherheitsniveau zu gew\u00e4hrleisten, in \u00dcbereinstimmung mit den gesetzlichen Bestimmungen, unter Ber\u00fccksichtigung des Stands der Technik, der Implementierungskosten und der Art, des Umfangs, der Umst\u00e4nde und der Zwecke der Verarbeitung sowie der unterschiedlichen Wahrscheinlichkeit und Schwere des Risikos f\u00fcr die Rechte und Freiheiten nat\u00fcrlicher Personen.<\/p>\n\n<p>Diese Ma\u00dfnahmen umfassen insbesondere die Sicherung der Vertraulichkeit, Integrit\u00e4t und Verf\u00fcgbarkeit von Daten durch die Kontrolle des physischen und elektronischen Zugangs zu den Daten sowie des Zugangs, der Eingabe, der \u00dcbertragung, der Sicherstellung der Verf\u00fcgbarkeit und der Trennung der Daten.\nDar\u00fcber hinaus haben wir Verfahren eingerichtet, um die Aus\u00fcbung der Rechte der betroffenen Personen, die L\u00f6schung von Daten und Reaktionen auf Datenbedrohungen sicherzustellen.\nWir ber\u00fccksichtigen den Schutz personenbezogener Daten auch bei der Entwicklung oder Auswahl von Hardware, Software und Verfahren nach dem Prinzip des Datenschutzes durch Technikgestaltung und datenschutzfreundliche Voreinstellungen.  <\/p>\n\n<p><strong>\u00dcbermittlung personenbezogener Daten<\/strong><\/p>\n\n<p>Im Zuge unserer Verarbeitung personenbezogener Daten kann es vorkommen, dass die Daten an andere Standorte, Unternehmen, rechtlich selbst\u00e4ndige Organisationseinheiten oder Einzelpersonen \u00fcbermittelt oder diesen gegen\u00fcber offengelegt werden.\nZu den Empf\u00e4ngern dieser Daten k\u00f6nnen z.B. mit IT-Aufgaben beauftragte Dienstleister oder Anbieter von Diensten und Inhalten geh\u00f6ren, die in eine Website integriert sind.\nIn solchen F\u00e4llen beachten wir die gesetzlichen Bestimmungen und schlie\u00dfen mit den Empf\u00e4ngern Ihrer Daten entsprechende Vertr\u00e4ge oder Vereinbarungen zum Schutz Ihrer Daten ab.  <\/p>\n\n<p><strong>Internationale Daten\u00fcbertragungen<\/strong><\/p>\n\n<p><strong>Datenverarbeitung in Drittl\u00e4ndern:<\/strong> Wenn wir Daten in einem Drittland (d.h. au\u00dferhalb der Europ\u00e4ischen Union (EU), des Europ\u00e4ischen Wirtschaftsraums (EWR)) verarbeiten oder die Verarbeitung im Rahmen der Inanspruchnahme von Diensten Dritter oder der Offenlegung oder \u00dcbermittlung von Daten an andere Personen, Stellen oder Unternehmen erfolgt, geschieht dies nur unter Einhaltung gesetzlicher Vorgaben.\nWenn das Datenschutzniveau im Drittland durch einen Angemessenheitsbeschluss (Art. 45 DSGVO) anerkannt wurde, dient dieser als Grundlage f\u00fcr die Daten\u00fcbermittlung.\nAnsonsten findet eine Daten\u00fcbermittlung nur statt, wenn das Datenschutzniveau anderweitig gew\u00e4hrleistet ist, insbesondere durch Standardvertragsklauseln (Art. 46 Abs. 2 lit. c GDPR), eine ausdr\u00fcckliche Einwilligung oder wenn die \u00dcbermittlung f\u00fcr die Erf\u00fcllung eines Vertrags erforderlich oder gesetzlich vorgeschrieben ist (Art. 49 Abs. 1 GDPR).\nWir werden Sie \u00fcber die Grundlage f\u00fcr die \u00dcbermittlung in ein Drittland f\u00fcr jeden spezifischen Anbieter aus einem Drittland informieren, wobei wir Angemessenheitsentscheidungen Vorrang einr\u00e4umen.\nInformationen \u00fcber Drittlandstransfers und bestehende Angemessenheitsbeschl\u00fcsse finden Sie auf der Informationsseite der EU-Kommission: <a href=\"https:\/\/commission.europa.eu\/law\/law-topic\/data-protection\/international-dimension-data-protection_en?prefLang=de\" target=\"_blank\" rel=\"noopener\">Datenschutz der EU-Kommission<\/a>.    <\/p>\n\n<p><strong>Transatlantischer Rahmen f\u00fcr den Datenschutz zwischen der EU und den USA:<\/strong> Im Rahmen des &#8222;Data Privacy Framework&#8220; (DPF) hat die EU-Kommission im Rahmen des Angemessenheitsbeschlusses vom 10.07.2023 auch das Datenschutzniveau f\u00fcr bestimmte Unternehmen in den USA als sicher anerkannt.\nDie Liste der zertifizierten Unternehmen und weitere Informationen \u00fcber das DPF finden Sie auf der Website des US-Handelsministeriums: <a href=\"https:\/\/www.dataprivacyframework.gov\/\" target=\"_blank\" rel=\"noopener\">Data Privacy Framework<\/a> (in Englisch).\nWir informieren Sie im Rahmen unserer Datenschutzhinweise dar\u00fcber, welche von uns eingesetzten Dienstleister nach dem Data Privacy Framework zertifiziert sind.  <\/p>\n\n<p><strong>Allgemeine Informationen zur Speicherung und L\u00f6schung von Daten<\/strong><\/p>\n\n<p>Wir l\u00f6schen personenbezogene Daten, die wir in \u00dcbereinstimmung mit den gesetzlichen Bestimmungen verarbeiten, sobald die Einwilligungen, auf denen die Verarbeitung beruht, widerrufen werden oder andere Rechtsgrundlagen f\u00fcr die Verarbeitung wegfallen.\nDies gilt auch f\u00fcr F\u00e4lle, in denen der urspr\u00fcngliche Verarbeitungszweck nicht mehr gegeben ist oder die Daten nicht mehr ben\u00f6tigt werden.\nAusnahmen bestehen, wenn gesetzliche Aufbewahrungspflichten oder besondere Interessen eine l\u00e4ngere Speicherung oder Archivierung der Daten erfordern.  <\/p>\n\n<p>Insbesondere Daten, die aus handels- oder steuerrechtlichen Gr\u00fcnden aufbewahrt werden m\u00fcssen oder deren Speicherung f\u00fcr die Rechtsverfolgung oder den Schutz der Rechte anderer nat\u00fcrlicher oder juristischer Personen erforderlich ist, m\u00fcssen entsprechend archiviert werden.<\/p>\n\n<p>Unsere Datenschutzhinweise enthalten zus\u00e4tzliche Informationen \u00fcber die Aufbewahrung und L\u00f6schung von Daten, die f\u00fcr bestimmte Verarbeitungst\u00e4tigkeiten spezifisch sind.<\/p>\n\n<p>Wenn mehrere Aufbewahrungsfristen oder L\u00f6schungsfristen angegeben sind, gilt immer die l\u00e4ngste Frist.<\/p>\n\n<p>Wenn eine Frist nicht ausdr\u00fccklich an einem bestimmten Datum beginnt und mindestens ein Jahr betr\u00e4gt, beginnt sie automatisch am Ende des Kalenderjahres, in dem das ausl\u00f6sende Ereignis eingetreten ist.\nBei laufenden Vertragsverh\u00e4ltnissen, in denen Daten gespeichert werden, ist das ausl\u00f6sende Ereignis der Zeitpunkt der K\u00fcndigung oder der sonstigen Beendigung des Rechtsverh\u00e4ltnisses. <\/p>\n\n<p>Daten, die f\u00fcr den urspr\u00fcnglich vorgesehenen Zweck nicht mehr ben\u00f6tigt werden, aber aufgrund gesetzlicher Bestimmungen oder aus anderen Gr\u00fcnden aufbewahrt werden m\u00fcssen, werden ausschlie\u00dflich aus den Gr\u00fcnden verarbeitet, die ihre Aufbewahrung rechtfertigen.<\/p>\n\n<p><strong>Zus\u00e4tzliche Hinweise zu Verarbeitungst\u00e4tigkeiten, Verfahren und Dienstleistungen:<\/strong><\/p>\n\n<ul class=\"wp-block-list\">\n<li><strong>Aufbewahrung und L\u00f6schung von Daten:<\/strong> Es gelten die folgenden allgemeinen Aufbewahrungsfristen nach deutschem Recht:<\/li>\n\n\n\n<li><strong>10 Jahre:<\/strong> Aufbewahrungsfrist f\u00fcr B\u00fccher und Aufzeichnungen, Jahresabschl\u00fcsse, Inventare, Lageberichte, Er\u00f6ffnungsbilanzen und die zu deren Verst\u00e4ndnis erforderlichen Anweisungen und sonstigen organisatorischen Unterlagen, Buchungsbelege und Rechnungen (\u00a7 147 Abs. 3 i.V.m. Abs. 1 Nr. 1, 4 und 4a AO, \u00a7 14b Abs. 1 UStG, \u00a7 257 Abs. 1 Nr. 1 und 4, Abs. 4 HGB).<\/li>\n\n\n\n<li><strong>6 Jahre:<\/strong> Sonstige Gesch\u00e4ftsunterlagen: eingegangene Handels- oder Gesch\u00e4ftsbriefe, Kopien von gesendeten Handels- oder Gesch\u00e4ftsbriefen, sonstige steuerlich relevante Unterlagen, z.B. Stundenlohnzettel, Betriebsabrechnungsb\u00f6gen, Kalkulationsunterlagen, Preisangebote, aber auch Lohnunterlagen, sofern es sich nicht bereits um Buchungsbelege handelt, und Kassenb\u00e4nder (\u00a7 147 Abs. 3 i.V.m. Abs. 1 Nr. 2, 3, 5 AO, \u00a7 257 Abs. 1 Nr. 2 und 3, Abs. 4 HGB).<\/li>\n\n\n\n<li><strong>3 Jahre:<\/strong> Daten, die zur Pr\u00fcfung m\u00f6glicher Gew\u00e4hrleistungs- und Schadensersatzanspr\u00fcche oder \u00e4hnlicher vertraglicher Anspr\u00fcche und Rechte und damit verbundener Anfragen erforderlich sind, werden f\u00fcr die Dauer der regelm\u00e4\u00dfigen gesetzlichen Verj\u00e4hrungsfrist von drei Jahren (\u00a7\u00a7 195, 199 BGB) gespeichert.<\/li>\n<\/ul>\n\n<p><strong>Rechte der betroffenen Personen<\/strong><\/p>\n\n<p><strong>Rechte der betroffenen Personen unter der GDPR:<\/strong> Als betroffene Person haben Sie nach der DSGVO verschiedene Rechte, die insbesondere in den Artikeln 15 bis 21 der DSGVO festgelegt sind:<\/p>\n\n<ul class=\"wp-block-list\">\n<li><strong>Recht auf Widerspruch:<\/strong> Sie haben das Recht, aus Gr\u00fcnden, die sich aus Ihrer besonderen Situation ergeben, jederzeit gegen die Verarbeitung der Sie betreffenden personenbezogenen Daten, die sich auf Art. 6 Abs.\n1 lit.\ne oder f GDPR beruht, einschlie\u00dflich eines auf diese Bestimmungen gest\u00fctzten Profilings.\nWerden Ihre personenbezogenen Daten f\u00fcr Zwecke der Direktwerbung verarbeitet, so haben Sie das Recht, jederzeit Widerspruch gegen die Verarbeitung der Sie betreffenden personenbezogenen Daten zum Zwecke derartiger Werbung einzulegen; dies gilt auch f\u00fcr das Profiling, soweit es mit solcher Direktwerbung in Verbindung steht.   <\/li>\n\n\n\n<li><strong>Recht auf Widerruf der Zustimmung:<\/strong> Sie haben das Recht, Ihre Zustimmung jederzeit zu widerrufen.<\/li>\n\n\n\n<li><strong>Recht auf Zugang:<\/strong> Sie haben das Recht, eine Best\u00e4tigung dar\u00fcber zu verlangen, ob Daten \u00fcber Sie verarbeitet werden, und Auskunft \u00fcber diese Daten sowie weitere Informationen und eine Kopie der Daten gem\u00e4\u00df den gesetzlichen Bestimmungen zu erhalten.<\/li>\n\n\n\n<li><strong>Recht auf Berichtigung:<\/strong> Sie haben das Recht, nach Ma\u00dfgabe der gesetzlichen Bestimmungen die Vervollst\u00e4ndigung oder Berichtigung Sie betreffender unzutreffender Daten zu verlangen.<\/li>\n\n\n\n<li><strong>Recht auf L\u00f6schung und Einschr\u00e4nkung der Verarbeitung:<\/strong> Sie haben das Recht, die unverz\u00fcgliche L\u00f6schung der Sie betreffenden Daten zu verlangen oder alternativ eine Einschr\u00e4nkung der Verarbeitung der Daten gem\u00e4\u00df den gesetzlichen Bestimmungen zu verlangen.<\/li>\n\n\n\n<li><strong>Recht auf Daten\u00fcbertragbarkeit:<\/strong> Sie haben das Recht, die Sie betreffenden Daten, die Sie uns zur Verf\u00fcgung gestellt haben, in einem strukturierten, g\u00e4ngigen und maschinenlesbaren Format zu erhalten oder deren \u00dcbermittlung an einen anderen Verantwortlichen zu verlangen, sofern dies gesetzlich vorgeschrieben ist.<\/li>\n\n\n\n<li><strong>Recht auf Einreichung einer Beschwerde bei einer Aufsichtsbeh\u00f6rde:<\/strong> Unbeschadet eines anderweitigen verwaltungsrechtlichen oder gerichtlichen Rechtsbehelfs haben Sie das Recht auf Beschwerde bei einer Aufsichtsbeh\u00f6rde, insbesondere in dem Mitgliedstaat Ihres gew\u00f6hnlichen Aufenthaltsorts, Ihres Arbeitsplatzes oder des Orts des mutma\u00dflichen Versto\u00dfes, wenn Sie der Ansicht sind, dass die Verarbeitung der Sie betreffenden personenbezogenen Daten gegen die DSGVO verst\u00f6\u00dft.<\/li>\n<\/ul>\n\n<p><strong>Verwendung von Cookies<\/strong><\/p>\n\n<p>Cookies sind kleine Textdateien oder andere Speichermarken, die Informationen auf Endger\u00e4ten speichern und Informationen von ihnen lesen.\nZum Beispiel, um den Anmeldestatus in einem Benutzerkonto, den Inhalt eines Warenkorbs in einem E-Shop, die aufgerufenen Inhalte oder verwendete Funktionen eines Online-Angebots zu speichern.\nCookies k\u00f6nnen auch zu verschiedenen Zwecken eingesetzt werden, z.B. um die Funktionalit\u00e4t, Sicherheit und den Komfort von Online-Angeboten zu gew\u00e4hrleisten und Analysen der Besucherstr\u00f6me zu erstellen.  <\/p>\n\n<p><strong>Hinweis zum Einverst\u00e4ndnis:<\/strong> Wir verwenden Cookies in \u00dcbereinstimmung mit den gesetzlichen Bestimmungen.\nDaher holen wir die vorherige Zustimmung der Nutzer ein, es sei denn, sie ist nicht gesetzlich vorgeschrieben.\nEine Einwilligung ist insbesondere dann nicht erforderlich, wenn die Speicherung und das Auslesen der Informationen, einschlie\u00dflich der Cookies, unbedingt notwendig sind, um einen von den Nutzern ausdr\u00fccklich gew\u00fcnschten Telemediendienst (unser Online-Angebot) bereitzustellen.\nDie widerrufliche Einwilligung wird ihnen klar mitgeteilt und enth\u00e4lt Informationen \u00fcber die jeweilige Cookie-Nutzung.   <\/p>\n\n<p><strong>Hinweis zu den Rechtsgrundlagen des Datenschutzes:<\/strong> Die Rechtsgrundlage, auf der wir personenbezogene Daten unter Verwendung von Cookies verarbeiten, h\u00e4ngt davon ab, ob wir die Nutzer um ihre Zustimmung bitten.\nWenn die Nutzer einwilligen, ist die Rechtsgrundlage f\u00fcr die Verarbeitung ihrer Daten die erkl\u00e4rte Einwilligung.\nAndernfalls beruht die Verarbeitung der Daten unter Verwendung von Cookies auf unseren berechtigten Interessen (z.B. im Rahmen des Gesch\u00e4ftsbetriebs unseres Online-Angebots und der Verbesserung seiner Benutzerfreundlichkeit) oder, wenn dies zur Erf\u00fcllung unserer vertraglichen Verpflichtungen erforderlich ist, auf der Verwendung von Cookies.\nWir informieren Sie \u00fcber die Zwecke, f\u00fcr die Cookies verwendet werden, im Rahmen dieser Datenschutzrichtlinie oder im Zusammenhang mit unseren Zustimmungs- und Verarbeitungsverfahren.   <\/p>\n\n<p><strong>Dauer der Speicherung:<\/strong> Die folgenden Arten von Cookies werden in Bezug auf die Speicherdauer unterschieden:<\/p>\n\n<ul class=\"wp-block-list\">\n<li><strong>Tempor\u00e4re Cookies (auch: Session oder Sitzungscookies):<\/strong> Tempor\u00e4re Cookies werden sp\u00e4testens gel\u00f6scht, nachdem ein Nutzer ein Online-Angebot verlassen und sein Endger\u00e4t (z.B. Browser oder mobile Anwendung) geschlossen hat.<\/li>\n\n\n\n<li><strong>Permanente Cookies:<\/strong> Permanente Cookies bleiben gespeichert, auch wenn das Endger\u00e4t geschlossen wird.\nSo kann z.B. der Anmeldestatus gespeichert werden, und bevorzugte Inhalte k\u00f6nnen direkt angezeigt werden, wenn ein Benutzer eine Website erneut besucht.\nEbenso k\u00f6nnen die mit Cookies gesammelten Daten f\u00fcr die Reichweitenmessung verwendet werden.\nWenn wir die Nutzer nicht ausdr\u00fccklich \u00fcber die Art und Dauer von Cookies informieren (z.B. im Rahmen der Einholung der Zustimmung), sollten sie davon ausgehen, dass diese dauerhaft sind und die Speicherdauer bis zu zwei Jahre betragen kann.   <\/li>\n<\/ul>\n\n<p><strong>Allgemeine Hinweise zu Widerruf und Widerspruch (Opt-out):<\/strong> Nutzer k\u00f6nnen ihre Einwilligungen jederzeit widerrufen und auch einen Widerspruch gegen die Verarbeitung gem\u00e4\u00df den gesetzlichen Bestimmungen erkl\u00e4ren, z.B. \u00fcber die Datenschutzeinstellungen ihres Browsers.<\/p>\n\n<ul class=\"wp-block-list\">\n<li><strong>Verarbeitete Datentypen:<\/strong> Meta-, Kommunikations- und Verfahrensdaten (z.B. IP-Adressen, Zeitdaten, Identifikationsnummern, beteiligte Personen).<\/li>\n\n\n\n<li><strong>Betroffene Personen:<\/strong> Benutzer (z.B. Website-Besucher, Benutzer von Online-Diensten).<\/li>\n\n\n\n<li><strong>Rechtsgrundlagen:<\/strong> Berechtigte Interessen (Art. 6 Abs. 1 Satz 1 lit. f GDPR).<\/li>\n<\/ul>\n","protected":false},"excerpt":{"rendered":"<p>Wirksam: Juli 30, 2024 Controller: Radiozeit GmbH Voltastra\u00dfe 1 14482 Potsdam-Babelsberg Bevollm\u00e4chtigter Vertreter: Kristian M\u00fcller E-Mail: kristian.mueller@radiozeit.de Impressum: https:\/\/www.mixd.tv\/imprint.html \u00dcberblick \u00fcber die Verarbeitung Die folgende \u00dcbersicht fasst die Arten der verarbeiteten Daten und die Zwecke ihrer Verarbeitung zusammen und verweist &hellip; <a href=\"https:\/\/www.radiozeit.de\/de\/datenschutzerklaerung-2\/\">Read More<\/a><\/p>\n","protected":false},"author":1,"featured_media":0,"parent":0,"menu_order":11,"comment_status":"closed","ping_status":"closed","template":"","meta":{"footnotes":""},"class_list":["post-1107","page","type-page","status-publish","hentry"],"_links":{"self":[{"href":"https:\/\/www.radiozeit.de\/de\/wp-json\/wp\/v2\/pages\/1107","targetHints":{"allow":["GET"]}}],"collection":[{"href":"https:\/\/www.radiozeit.de\/de\/wp-json\/wp\/v2\/pages"}],"about":[{"href":"https:\/\/www.radiozeit.de\/de\/wp-json\/wp\/v2\/types\/page"}],"author":[{"embeddable":true,"href":"https:\/\/www.radiozeit.de\/de\/wp-json\/wp\/v2\/users\/1"}],"replies":[{"embeddable":true,"href":"https:\/\/www.radiozeit.de\/de\/wp-json\/wp\/v2\/comments?post=1107"}],"version-history":[{"count":4,"href":"https:\/\/www.radiozeit.de\/de\/wp-json\/wp\/v2\/pages\/1107\/revisions"}],"predecessor-version":[{"id":1120,"href":"https:\/\/www.radiozeit.de\/de\/wp-json\/wp\/v2\/pages\/1107\/revisions\/1120"}],"wp:attachment":[{"href":"https:\/\/www.radiozeit.de\/de\/wp-json\/wp\/v2\/media?parent=1107"}],"curies":[{"name":"wp","href":"https:\/\/api.w.org\/{rel}","templated":true}]}}