{"id":1621,"date":"2025-08-31T15:39:22","date_gmt":"2025-08-31T13:39:22","guid":{"rendered":"https:\/\/www.radiozeit.de\/ueber\/"},"modified":"2026-03-06T20:44:12","modified_gmt":"2026-03-06T19:44:12","slug":"ueber","status":"publish","type":"page","link":"https:\/\/www.radiozeit.de\/de\/ueber\/","title":{"rendered":"\u00dcber"},"content":{"rendered":"\t\t<div data-elementor-type=\"wp-page\" data-elementor-id=\"1621\" class=\"elementor elementor-1621 elementor-1458\" data-elementor-post-type=\"page\">\n\t\t\t\t\t\t<section class=\"elementor-section elementor-top-section elementor-element elementor-element-70f066f elementor-section-height-min-height elementor-section-boxed elementor-section-height-default elementor-section-items-middle\" data-id=\"70f066f\" data-element_type=\"section\" data-e-type=\"section\" data-settings=\"{&quot;background_background&quot;:&quot;gradient&quot;}\">\n\t\t\t\t\t\t\t<div class=\"elementor-background-overlay\"><\/div>\n\t\t\t\t\t\t\t<div class=\"elementor-container elementor-column-gap-default\">\n\t\t\t\t\t<div class=\"elementor-column elementor-col-100 elementor-top-column elementor-element elementor-element-b99ad8c\" data-id=\"b99ad8c\" data-element_type=\"column\" data-e-type=\"column\">\n\t\t\t<div class=\"elementor-widget-wrap elementor-element-populated\">\n\t\t\t\t\t\t<div class=\"elementor-element elementor-element-61adf7a elementor-invisible elementor-widget elementor-widget-heading\" data-id=\"61adf7a\" data-element_type=\"widget\" data-e-type=\"widget\" data-settings=\"{&quot;_animation&quot;:&quot;fadeIn&quot;}\" data-widget_type=\"heading.default\">\n\t\t\t\t<div class=\"elementor-widget-container\">\n\t\t\t\t\t<h1 class=\"elementor-heading-title elementor-size-default\">\u00dcber uns<\/h1>\t\t\t\t<\/div>\n\t\t\t\t<\/div>\n\t\t\t\t\t<\/div>\n\t\t<\/div>\n\t\t\t\t\t<\/div>\n\t\t<\/section>\n\t\t\t\t<section class=\"elementor-section elementor-top-section elementor-element elementor-element-113efb9 elementor-section-boxed elementor-section-height-default elementor-section-height-default\" data-id=\"113efb9\" data-element_type=\"section\" data-e-type=\"section\" data-settings=\"{&quot;background_background&quot;:&quot;gradient&quot;}\">\n\t\t\t\t\t\t<div class=\"elementor-container elementor-column-gap-no\">\n\t\t\t\t\t<div class=\"elementor-column elementor-col-100 elementor-top-column elementor-element elementor-element-bbe7809\" data-id=\"bbe7809\" data-element_type=\"column\" data-e-type=\"column\">\n\t\t\t<div class=\"elementor-widget-wrap elementor-element-populated\">\n\t\t\t\t\t\t<div class=\"elementor-element elementor-element-f1a16c7 elementor-hidden-desktop elementor-invisible elementor-widget elementor-widget-heading\" data-id=\"f1a16c7\" data-element_type=\"widget\" data-e-type=\"widget\" data-settings=\"{&quot;_animation&quot;:&quot;fadeIn&quot;}\" data-widget_type=\"heading.default\">\n\t\t\t\t<div class=\"elementor-widget-container\">\n\t\t\t\t\t<h2 class=\"elementor-heading-title elementor-size-default\">Wer wir sind<\/h2>\t\t\t\t<\/div>\n\t\t\t\t<\/div>\n\t\t\t\t<section class=\"elementor-section elementor-inner-section elementor-element elementor-element-6ede9f8 elementor-hidden-tablet elementor-hidden-mobile elementor-section-boxed elementor-section-height-default elementor-section-height-default\" data-id=\"6ede9f8\" data-element_type=\"section\" data-e-type=\"section\">\n\t\t\t\t\t\t<div class=\"elementor-container elementor-column-gap-default\">\n\t\t\t\t\t<div class=\"elementor-column elementor-col-100 elementor-inner-column elementor-element elementor-element-6e4401a\" data-id=\"6e4401a\" data-element_type=\"column\" data-e-type=\"column\">\n\t\t\t<div class=\"elementor-widget-wrap elementor-element-populated\">\n\t\t\t\t\t\t<div class=\"elementor-element elementor-element-bcac7b7 elementor-invisible elementor-widget elementor-widget-heading\" data-id=\"bcac7b7\" data-element_type=\"widget\" data-e-type=\"widget\" data-settings=\"{&quot;_animation&quot;:&quot;fadeIn&quot;}\" data-widget_type=\"heading.default\">\n\t\t\t\t<div class=\"elementor-widget-container\">\n\t\t\t\t\t<h2 class=\"elementor-heading-title elementor-size-default\">Wer wir sind<\/h2>\t\t\t\t<\/div>\n\t\t\t\t<\/div>\n\t\t\t\t\t<\/div>\n\t\t<\/div>\n\t\t\t\t\t<\/div>\n\t\t<\/section>\n\t\t\t\t<section class=\"elementor-section elementor-inner-section elementor-element elementor-element-6ecc7fd elementor-section-boxed elementor-section-height-default elementor-section-height-default\" data-id=\"6ecc7fd\" data-element_type=\"section\" data-e-type=\"section\">\n\t\t\t\t\t\t<div class=\"elementor-container elementor-column-gap-wide\">\n\t\t\t\t\t<div class=\"elementor-column elementor-col-33 elementor-inner-column elementor-element elementor-element-02cf10e\" data-id=\"02cf10e\" data-element_type=\"column\" data-e-type=\"column\" data-settings=\"{&quot;background_background&quot;:&quot;classic&quot;}\">\n\t\t\t<div class=\"elementor-widget-wrap elementor-element-populated\">\n\t\t\t\t\t\t<div class=\"elementor-element elementor-element-2644a99 elementor-invisible elementor-widget elementor-widget-themo-team\" data-id=\"2644a99\" data-element_type=\"widget\" data-e-type=\"widget\" data-settings=\"{&quot;_animation&quot;:&quot;fadeIn&quot;,&quot;_animation_delay&quot;:300}\" data-widget_type=\"themo-team.default\">\n\t\t\t\t<div class=\"elementor-widget-container\">\n\t\t\t\t\t\n\t\t<div class=\"th-team-member\">\n                            <img fetchpriority=\"high\" decoding=\"async\" width=\"296\" height=\"303\" src=\"https:\/\/www.radiozeit.de\/wp-content\/uploads\/2025\/09\/kristian-296x303.webp\" class=\"th-img-stretch\" alt=\"\" \/>            \n\t\t\t<div class=\"th-team-member-content\">\n                                                            <h4 class=\"th-team-member-name\">Kristian M\u00fcller<\/h4>\n                                   \t\t\t\t\t\t\t\t\t<h5 class=\"th-team-member-title\">CEO<\/h5>\n\t\t\t\t\t\t\t\t\t\t\t\t\t<div class=\"th-team-member-text\">Kristian verbindet Unternehmergeist mit technischer Tiefe. Als Gr\u00fcnder von <a>mixd.tv<\/a> hat er sein Start-up von einem B2C-Ansatz zu einem erfolgreichen B2B-SaaS-Modell entwickelt und mit Medienunternehmen zusammengearbeitet, um zu zeigen, wie Metadaten Br\u00fccken zwischen der digitalen Welt und dem traditionellen Fernsehen schlagen k\u00f6nnen.\n\nSein Fokus liegt darauf, aus starken Ideen stabile Strukturen und skalierbare Systeme zu entwickeln, damit Innovationen nicht im Labor bleiben, sondern echte Wirkung entfalten.<\/div>\n\t\t\t\t\t\t\t\t<div class=\"th-team-member-social\">\n\t\t\t\t\t<a href=\"https:\/\/www.linkedin.com\/in\/kristian-m%C3%BCller-647245a\/\" target=\"_blank\" rel=\"noopener\"><i aria-hidden=\"true\" class=\"fab fa-linkedin\"><\/i><\/a>\t\t\t\t<\/div>\n\t\t\t<\/div>\n\t\t<\/div>\n\n\t\t\t\t\t\t<\/div>\n\t\t\t\t<\/div>\n\t\t\t\t\t<\/div>\n\t\t<\/div>\n\t\t\t\t<div class=\"elementor-column elementor-col-33 elementor-inner-column elementor-element elementor-element-5af8000\" data-id=\"5af8000\" data-element_type=\"column\" data-e-type=\"column\" data-settings=\"{&quot;background_background&quot;:&quot;classic&quot;}\">\n\t\t\t<div class=\"elementor-widget-wrap elementor-element-populated\">\n\t\t\t\t\t\t<div class=\"elementor-element elementor-element-bfd1a8e elementor-invisible elementor-widget elementor-widget-themo-team\" data-id=\"bfd1a8e\" data-element_type=\"widget\" data-e-type=\"widget\" data-settings=\"{&quot;_animation&quot;:&quot;fadeIn&quot;,&quot;_animation_delay&quot;:300}\" data-widget_type=\"themo-team.default\">\n\t\t\t\t<div class=\"elementor-widget-container\">\n\t\t\t\t\t\n\t\t<div class=\"th-team-member\">\n                            <img decoding=\"async\" width=\"394\" height=\"394\" src=\"https:\/\/www.radiozeit.de\/wp-content\/uploads\/2025\/09\/robert-394x394.webp\" class=\"th-img-stretch\" alt=\"\" \/>            \n\t\t\t<div class=\"th-team-member-content\">\n                                                            <h4 class=\"th-team-member-name\">Robert F\u00f6rster<\/h4>\n                                   \t\t\t\t\t\t\t\t\t<h5 class=\"th-team-member-title\">COO<\/h5>\n\t\t\t\t\t\t\t\t\t\t\t\t\t<div class=\"th-team-member-text\">Robert ist seit \u00fcber 20 Jahren in der Medienbranche zuhause \u2013 und hat schon immer an der Schnittstelle von Content, Technologie und Business gearbeitet. Vom Programm-Management \u00fcber Agenturberater und Startup-Gr\u00fcnder bis zum Aufbau von TOGGO Radio bei RTL Deutschland, f\u00fcr das er mit seinem Team zweimal den Deutschen Radiopreis gewonnen hat. \n\nHeute ist er bei Radiozeit derjenige, der aus Ideen Strategien macht und daf\u00fcr sorgt, dass Innovationen auch bei den Kunden ankommen.<\/div>\n\t\t\t\t\t\t\t\t<div class=\"th-team-member-social\">\n\t\t\t\t\t<a href=\"https:\/\/www.linkedin.com\/in\/robert-f%C3%B6rster-1b7045134?miniProfileUrn=urn%3Ali%3Afs_miniProfile%3AACoAACDA5tsBmtqCoi8MzzPr1pQ4k9eswqbmPLY&#038;lipi=urn%3Ali%3Apage%3Ad_flagship3_search_srp_all%3B7rA71XjYSX6Y8%2FEq92SZbg%3D%3D\" target=\"_blank\" rel=\"noopener\"><i aria-hidden=\"true\" class=\"fab fa-linkedin\"><\/i><\/a>\t\t\t\t<\/div>\n\t\t\t<\/div>\n\t\t<\/div>\n\n\t\t\t\t\t\t<\/div>\n\t\t\t\t<\/div>\n\t\t\t\t\t<\/div>\n\t\t<\/div>\n\t\t\t\t<div class=\"elementor-column elementor-col-33 elementor-inner-column elementor-element elementor-element-4312531\" data-id=\"4312531\" data-element_type=\"column\" data-e-type=\"column\" data-settings=\"{&quot;background_background&quot;:&quot;classic&quot;}\">\n\t\t\t<div class=\"elementor-widget-wrap elementor-element-populated\">\n\t\t\t\t\t\t<div class=\"elementor-element elementor-element-1071a44 elementor-invisible elementor-widget elementor-widget-themo-team\" data-id=\"1071a44\" data-element_type=\"widget\" data-e-type=\"widget\" data-settings=\"{&quot;_animation&quot;:&quot;fadeIn&quot;,&quot;_animation_delay&quot;:300}\" data-widget_type=\"themo-team.default\">\n\t\t\t\t<div class=\"elementor-widget-container\">\n\t\t\t\t\t\n\t\t<div class=\"th-team-member\">\n                            <img decoding=\"async\" width=\"394\" height=\"394\" src=\"https:\/\/www.radiozeit.de\/wp-content\/uploads\/2025\/09\/petros-394x394.webp\" class=\"th-img-stretch\" alt=\"\" \/>            \n\t\t\t<div class=\"th-team-member-content\">\n                                                            <h4 class=\"th-team-member-name\">Petros Theocharous  <\/h4>\n                                   \t\t\t\t\t\t\t\t\t<h5 class=\"th-team-member-title\">CTO<\/h5>\n\t\t\t\t\t\t\t\t\t\t\t\t\t<div class=\"th-team-member-text\">Petros Theocharous, der selbst ein Gr\u00fcnder ist, verf\u00fcgt \u00fcber 18 Jahre internationale Erfahrung im Software-Engineering und hat eine Leidenschaft daf\u00fcr, Technologien in die Praxis umzusetzen. Er hat in London, Deutschland, Spanien, den Niederlanden und Griechenland mit Organisationen wie Goldman Sachs, EU-Agenturen, Deichmann und mehreren Start-ups zusammengearbeitet. \n\nSein Schwerpunkt liegt auf der Umwandlung komplexer Ideen in L\u00f6sungen, die einen dauerhaften Wert schaffen.<\/div>\n\t\t\t\t\t\t\t\t<div class=\"th-team-member-social\">\n\t\t\t\t\t<a href=\"https:\/\/www.linkedin.com\/in\/petros-theocharous-aaaab019\" target=\"_blank\" rel=\"noopener\"><i aria-hidden=\"true\" class=\"fab fa-linkedin\"><\/i><\/a>\t\t\t\t<\/div>\n\t\t\t<\/div>\n\t\t<\/div>\n\n\t\t\t\t\t\t<\/div>\n\t\t\t\t<\/div>\n\t\t\t\t\t<\/div>\n\t\t<\/div>\n\t\t\t\t\t<\/div>\n\t\t<\/section>\n\t\t\t\t<div class=\"elementor-element elementor-element-de29b5f elementor-widget elementor-widget-spacer\" data-id=\"de29b5f\" data-element_type=\"widget\" data-e-type=\"widget\" data-widget_type=\"spacer.default\">\n\t\t\t\t<div class=\"elementor-widget-container\">\n\t\t\t\t\t\t\t<div class=\"elementor-spacer\">\n\t\t\t<div class=\"elementor-spacer-inner\"><\/div>\n\t\t<\/div>\n\t\t\t\t\t\t<\/div>\n\t\t\t\t<\/div>\n\t\t\t\t\t<\/div>\n\t\t<\/div>\n\t\t\t\t\t<\/div>\n\t\t<\/section>\n\t\t\t\t<section class=\"elementor-section elementor-top-section elementor-element elementor-element-11b1865 elementor-section-boxed elementor-section-height-default elementor-section-height-default\" data-id=\"11b1865\" data-element_type=\"section\" data-e-type=\"section\" data-settings=\"{&quot;background_background&quot;:&quot;classic&quot;}\">\n\t\t\t\t\t\t\t<div class=\"elementor-background-overlay\"><\/div>\n\t\t\t\t\t\t\t<div class=\"elementor-container elementor-column-gap-default\">\n\t\t\t\t\t<div class=\"elementor-column elementor-col-100 elementor-top-column elementor-element elementor-element-604e828\" data-id=\"604e828\" data-element_type=\"column\" data-e-type=\"column\">\n\t\t\t<div class=\"elementor-widget-wrap elementor-element-populated\">\n\t\t\t\t\t\t<div class=\"elementor-element elementor-element-fa55331 elementor-widget elementor-widget-heading\" data-id=\"fa55331\" data-element_type=\"widget\" data-e-type=\"widget\" data-widget_type=\"heading.default\">\n\t\t\t\t<div class=\"elementor-widget-container\">\n\t\t\t\t\t<h2 class=\"elementor-heading-title elementor-size-default\">Pressestimmen<\/h2>\t\t\t\t<\/div>\n\t\t\t\t<\/div>\n\t\t\t\t<section class=\"elementor-section elementor-inner-section elementor-element elementor-element-3585d4e elementor-section-boxed elementor-section-height-default elementor-section-height-default\" data-id=\"3585d4e\" data-element_type=\"section\" data-e-type=\"section\">\n\t\t\t\t\t\t<div class=\"elementor-container elementor-column-gap-default\">\n\t\t\t\t\t<div class=\"elementor-column elementor-col-20 elementor-inner-column elementor-element elementor-element-e5c2b08\" data-id=\"e5c2b08\" data-element_type=\"column\" data-e-type=\"column\">\n\t\t\t<div class=\"elementor-widget-wrap elementor-element-populated\">\n\t\t\t\t\t\t<div class=\"elementor-element elementor-element-719dcb0 elementor-widget elementor-widget-image\" data-id=\"719dcb0\" data-element_type=\"widget\" data-e-type=\"widget\" data-widget_type=\"image.default\">\n\t\t\t\t<div class=\"elementor-widget-container\">\n\t\t\t\t\t\t\t\t\t\t\t\t\t\t\t\t<a href=\"https:\/\/kress.de\/pro\/beitrag\/150572-der-grosse-toolreport-2025.html\" target=\"_blank\" rel=\"noopener\">\n\t\t\t\t\t\t\t<img loading=\"lazy\" decoding=\"async\" width=\"150\" height=\"150\" src=\"https:\/\/www.radiozeit.de\/wp-content\/uploads\/2025\/09\/kress-pro-150x150.webp\" class=\"attachment-thumbnail size-thumbnail wp-image-1948\" alt=\"\" srcset=\"https:\/\/www.radiozeit.de\/wp-content\/uploads\/2025\/09\/kress-pro-150x150.webp 150w, https:\/\/www.radiozeit.de\/wp-content\/uploads\/2025\/09\/kress-pro-300x300.webp 300w, https:\/\/www.radiozeit.de\/wp-content\/uploads\/2025\/09\/kress-pro-100x100.webp 100w, https:\/\/www.radiozeit.de\/wp-content\/uploads\/2025\/09\/kress-pro-80x80.webp 80w, https:\/\/www.radiozeit.de\/wp-content\/uploads\/2025\/09\/kress-pro-394x394.webp 394w, https:\/\/www.radiozeit.de\/wp-content\/uploads\/2025\/09\/kress-pro-303x303.webp 303w, https:\/\/www.radiozeit.de\/wp-content\/uploads\/2025\/09\/kress-pro.webp 500w\" sizes=\"(max-width: 150px) 100vw, 150px\" \/>\t\t\t\t\t\t\t\t<\/a>\n\t\t\t\t\t\t\t\t\t\t\t\t\t\t\t<\/div>\n\t\t\t\t<\/div>\n\t\t\t\t\t<\/div>\n\t\t<\/div>\n\t\t\t\t<div class=\"elementor-column elementor-col-20 elementor-inner-column elementor-element elementor-element-f789f08\" data-id=\"f789f08\" data-element_type=\"column\" data-e-type=\"column\">\n\t\t\t<div class=\"elementor-widget-wrap elementor-element-populated\">\n\t\t\t\t\t\t<div class=\"elementor-element elementor-element-80b6212 elementor-widget elementor-widget-image\" data-id=\"80b6212\" data-element_type=\"widget\" data-e-type=\"widget\" data-widget_type=\"image.default\">\n\t\t\t\t<div class=\"elementor-widget-container\">\n\t\t\t\t\t\t\t\t\t\t\t\t\t\t\t\t<a href=\"https:\/\/www.tagesspiegel.de\/potsdam\/funf-jahre-mediatech-hub-accelerator-in-potsdam-diese-start-ups-gestalten-die-zukunft-12777995.html\" target=\"_blank\" rel=\"noopener\">\n\t\t\t\t\t\t\t<img loading=\"lazy\" decoding=\"async\" width=\"150\" height=\"150\" src=\"https:\/\/www.radiozeit.de\/wp-content\/uploads\/2025\/09\/tagesspiegel-1-150x150.webp\" class=\"attachment-thumbnail size-thumbnail wp-image-2011\" alt=\"\" srcset=\"https:\/\/www.radiozeit.de\/wp-content\/uploads\/2025\/09\/tagesspiegel-1-150x150.webp 150w, https:\/\/www.radiozeit.de\/wp-content\/uploads\/2025\/09\/tagesspiegel-1-300x300.webp 300w, https:\/\/www.radiozeit.de\/wp-content\/uploads\/2025\/09\/tagesspiegel-1-100x100.webp 100w, https:\/\/www.radiozeit.de\/wp-content\/uploads\/2025\/09\/tagesspiegel-1-80x80.webp 80w, https:\/\/www.radiozeit.de\/wp-content\/uploads\/2025\/09\/tagesspiegel-1-394x394.webp 394w, https:\/\/www.radiozeit.de\/wp-content\/uploads\/2025\/09\/tagesspiegel-1-303x303.webp 303w, https:\/\/www.radiozeit.de\/wp-content\/uploads\/2025\/09\/tagesspiegel-1.webp 500w\" sizes=\"(max-width: 150px) 100vw, 150px\" \/>\t\t\t\t\t\t\t\t<\/a>\n\t\t\t\t\t\t\t\t\t\t\t\t\t\t\t<\/div>\n\t\t\t\t<\/div>\n\t\t\t\t\t<\/div>\n\t\t<\/div>\n\t\t\t\t<div class=\"elementor-column elementor-col-20 elementor-inner-column elementor-element elementor-element-960628c\" data-id=\"960628c\" data-element_type=\"column\" data-e-type=\"column\">\n\t\t\t<div class=\"elementor-widget-wrap elementor-element-populated\">\n\t\t\t\t\t\t<div class=\"elementor-element elementor-element-fc0d3b2 elementor-widget elementor-widget-image\" data-id=\"fc0d3b2\" data-element_type=\"widget\" data-e-type=\"widget\" data-widget_type=\"image.default\">\n\t\t\t\t<div class=\"elementor-widget-container\">\n\t\t\t\t\t\t\t\t\t\t\t\t\t\t\t\t<a href=\"https:\/\/mag.redtech.pro\/books\/kxkg\/?_sc=Nzk2NjA0NSMx#p=32\" target=\"_blank\" rel=\"noopener\">\n\t\t\t\t\t\t\t<img loading=\"lazy\" decoding=\"async\" width=\"150\" height=\"150\" src=\"https:\/\/www.radiozeit.de\/wp-content\/uploads\/2025\/09\/red-tech-1-150x150.webp\" class=\"attachment-thumbnail size-thumbnail wp-image-2016\" alt=\"\" srcset=\"https:\/\/www.radiozeit.de\/wp-content\/uploads\/2025\/09\/red-tech-1-150x150.webp 150w, https:\/\/www.radiozeit.de\/wp-content\/uploads\/2025\/09\/red-tech-1-300x300.webp 300w, https:\/\/www.radiozeit.de\/wp-content\/uploads\/2025\/09\/red-tech-1-100x100.webp 100w, https:\/\/www.radiozeit.de\/wp-content\/uploads\/2025\/09\/red-tech-1-80x80.webp 80w, https:\/\/www.radiozeit.de\/wp-content\/uploads\/2025\/09\/red-tech-1-394x394.webp 394w, https:\/\/www.radiozeit.de\/wp-content\/uploads\/2025\/09\/red-tech-1-303x303.webp 303w, https:\/\/www.radiozeit.de\/wp-content\/uploads\/2025\/09\/red-tech-1.webp 500w\" sizes=\"(max-width: 150px) 100vw, 150px\" \/>\t\t\t\t\t\t\t\t<\/a>\n\t\t\t\t\t\t\t\t\t\t\t\t\t\t\t<\/div>\n\t\t\t\t<\/div>\n\t\t\t\t\t<\/div>\n\t\t<\/div>\n\t\t\t\t<div class=\"elementor-column elementor-col-20 elementor-inner-column elementor-element elementor-element-069147a\" data-id=\"069147a\" data-element_type=\"column\" data-e-type=\"column\">\n\t\t\t<div class=\"elementor-widget-wrap elementor-element-populated\">\n\t\t\t\t\t\t<div class=\"elementor-element elementor-element-c60da50 elementor-widget elementor-widget-image\" data-id=\"c60da50\" data-element_type=\"widget\" data-e-type=\"widget\" data-widget_type=\"image.default\">\n\t\t\t\t<div class=\"elementor-widget-container\">\n\t\t\t\t\t\t\t\t\t\t\t\t\t\t\t\t<a href=\"https:\/\/www.tagesspiegel.de\/potsdam\/funf-jahre-mediatech-hub-accelerator-in-potsdam-diese-start-ups-gestalten-die-zukunft-12777995.html\" target=\"_blank\" rel=\"noopener\">\n\t\t\t\t\t\t\t<img loading=\"lazy\" decoding=\"async\" width=\"150\" height=\"150\" src=\"https:\/\/www.radiozeit.de\/wp-content\/uploads\/2025\/09\/potsdamer-neueste-nachrichten-2-150x150.webp\" class=\"attachment-thumbnail size-thumbnail wp-image-2018\" alt=\"\" srcset=\"https:\/\/www.radiozeit.de\/wp-content\/uploads\/2025\/09\/potsdamer-neueste-nachrichten-2-150x150.webp 150w, https:\/\/www.radiozeit.de\/wp-content\/uploads\/2025\/09\/potsdamer-neueste-nachrichten-2-300x300.webp 300w, https:\/\/www.radiozeit.de\/wp-content\/uploads\/2025\/09\/potsdamer-neueste-nachrichten-2-100x100.webp 100w, https:\/\/www.radiozeit.de\/wp-content\/uploads\/2025\/09\/potsdamer-neueste-nachrichten-2-80x80.webp 80w, https:\/\/www.radiozeit.de\/wp-content\/uploads\/2025\/09\/potsdamer-neueste-nachrichten-2-394x394.webp 394w, https:\/\/www.radiozeit.de\/wp-content\/uploads\/2025\/09\/potsdamer-neueste-nachrichten-2-303x303.webp 303w, https:\/\/www.radiozeit.de\/wp-content\/uploads\/2025\/09\/potsdamer-neueste-nachrichten-2.webp 500w\" sizes=\"(max-width: 150px) 100vw, 150px\" \/>\t\t\t\t\t\t\t\t<\/a>\n\t\t\t\t\t\t\t\t\t\t\t\t\t\t\t<\/div>\n\t\t\t\t<\/div>\n\t\t\t\t\t<\/div>\n\t\t<\/div>\n\t\t\t\t<div class=\"elementor-column elementor-col-20 elementor-inner-column elementor-element elementor-element-3b47f0b\" data-id=\"3b47f0b\" data-element_type=\"column\" data-e-type=\"column\">\n\t\t\t<div class=\"elementor-widget-wrap elementor-element-populated\">\n\t\t\t\t\t\t<div class=\"elementor-element elementor-element-be267ce elementor-widget__width-initial elementor-widget elementor-widget-image\" data-id=\"be267ce\" data-element_type=\"widget\" data-e-type=\"widget\" data-widget_type=\"image.default\">\n\t\t\t\t<div class=\"elementor-widget-container\">\n\t\t\t\t\t\t\t\t\t\t\t\t\t\t\t\t<a href=\"https:\/\/medientage.de\/media\/#podcast\" target=\"_blank\" rel=\"noopener\">\n\t\t\t\t\t\t\t<img loading=\"lazy\" decoding=\"async\" width=\"150\" height=\"150\" src=\"https:\/\/www.radiozeit.de\/wp-content\/uploads\/2025\/09\/medientage-muenchen-150x150.webp\" class=\"attachment-thumbnail size-thumbnail wp-image-1940\" alt=\"\" srcset=\"https:\/\/www.radiozeit.de\/wp-content\/uploads\/2025\/09\/medientage-muenchen-150x150.webp 150w, https:\/\/www.radiozeit.de\/wp-content\/uploads\/2025\/09\/medientage-muenchen-300x300.webp 300w, https:\/\/www.radiozeit.de\/wp-content\/uploads\/2025\/09\/medientage-muenchen-100x100.webp 100w, https:\/\/www.radiozeit.de\/wp-content\/uploads\/2025\/09\/medientage-muenchen-80x80.webp 80w, https:\/\/www.radiozeit.de\/wp-content\/uploads\/2025\/09\/medientage-muenchen-394x394.webp 394w, https:\/\/www.radiozeit.de\/wp-content\/uploads\/2025\/09\/medientage-muenchen-303x303.webp 303w, https:\/\/www.radiozeit.de\/wp-content\/uploads\/2025\/09\/medientage-muenchen.webp 500w\" sizes=\"(max-width: 150px) 100vw, 150px\" \/>\t\t\t\t\t\t\t\t<\/a>\n\t\t\t\t\t\t\t\t\t\t\t\t\t\t\t<\/div>\n\t\t\t\t<\/div>\n\t\t\t\t\t<\/div>\n\t\t<\/div>\n\t\t\t\t\t<\/div>\n\t\t<\/section>\n\t\t\t\t\t<\/div>\n\t\t<\/div>\n\t\t\t\t\t<\/div>\n\t\t<\/section>\n\t\t\t\t<\/div>\n\t\t","protected":false},"excerpt":{"rendered":"<p>\u00dcber uns Wer wir sind Wer wir sind Kristian M\u00fcller CEO Kristian verbindet Unternehmergeist mit technischer Tiefe. Als Gr\u00fcnder von mixd.tv hat er sein Start-up von einem B2C-Ansatz zu einem erfolgreichen B2B-SaaS-Modell entwickelt und mit Medienunternehmen zusammengearbeitet, um zu zeigen, &hellip; <a href=\"https:\/\/www.radiozeit.de\/de\/ueber\/\">Read More<\/a><\/p>\n","protected":false},"author":2,"featured_media":0,"parent":0,"menu_order":1,"comment_status":"closed","ping_status":"closed","template":"","meta":{"footnotes":""},"class_list":["post-1621","page","type-page","status-publish","hentry"],"_links":{"self":[{"href":"https:\/\/www.radiozeit.de\/de\/wp-json\/wp\/v2\/pages\/1621","targetHints":{"allow":["GET"]}}],"collection":[{"href":"https:\/\/www.radiozeit.de\/de\/wp-json\/wp\/v2\/pages"}],"about":[{"href":"https:\/\/www.radiozeit.de\/de\/wp-json\/wp\/v2\/types\/page"}],"author":[{"embeddable":true,"href":"https:\/\/www.radiozeit.de\/de\/wp-json\/wp\/v2\/users\/2"}],"replies":[{"embeddable":true,"href":"https:\/\/www.radiozeit.de\/de\/wp-json\/wp\/v2\/comments?post=1621"}],"version-history":[{"count":8,"href":"https:\/\/www.radiozeit.de\/de\/wp-json\/wp\/v2\/pages\/1621\/revisions"}],"predecessor-version":[{"id":8609,"href":"https:\/\/www.radiozeit.de\/de\/wp-json\/wp\/v2\/pages\/1621\/revisions\/8609"}],"wp:attachment":[{"href":"https:\/\/www.radiozeit.de\/de\/wp-json\/wp\/v2\/media?parent=1621"}],"curies":[{"name":"wp","href":"https:\/\/api.w.org\/{rel}","templated":true}]}}